{"id":2980,"date":"2010-05-28T12:23:19","date_gmt":"2010-05-28T15:23:19","guid":{"rendered":"http:\/\/praiadoforteapart.com.br\/?page_id=16"},"modified":"2022-06-22T15:12:36","modified_gmt":"2022-06-22T15:12:36","slug":"inicio","status":"publish","type":"page","link":"https:\/\/praiadoforteapart.com\/","title":{"rendered":"Inicio"},"content":{"rendered":"<p>[et_pb_section fb_built=&#8221;1&#8243; inner_shadow=&#8221;on&#8221; fullwidth=&#8221;on&#8221; _builder_version=&#8221;4.17.3&#8243; _module_preset=&#8221;default&#8221; global_colors_info=&#8221;{}&#8221;][et_pb_fullwidth_menu menu_id=&#8221;14&#8243; fullwidth_menu=&#8221;off&#8221; active_link_color=&#8221;#000000&#8243; dropdown_menu_bg_color=&#8221;#000000&#8243; dropdown_menu_line_color=&#8221;#E09900&#8243; dropdown_menu_text_color=&#8221;#000000&#8243; dropdown_menu_active_link_color=&#8221;#E09900&#8243; mobile_menu_bg_color=&#8221;#FFFFFF&#8221; mobile_menu_text_color=&#8221;#000000&#8243; menu_icon_color=&#8221;#000000&#8243; menu_icon_font_size=&#8221;36px&#8221; disabled_on=&#8221;off|off|off&#8221; _builder_version=&#8221;4.17.3&#8243; _module_preset=&#8221;default&#8221; menu_font=&#8221;|800|||||||&#8221; menu_font_size=&#8221;18px&#8221; menu_line_height=&#8221;0.9em&#8221; background_color=&#8221;rgba(232,232,232,0.31)&#8221; module_alignment=&#8221;center&#8221; global_colors_info=&#8221;{}&#8221;][\/et_pb_fullwidth_menu][\/et_pb_section][et_pb_section fb_built=&#8221;1&#8243; inner_shadow=&#8221;on&#8221; admin_label=&#8221;In\u00edcio&#8221; _builder_version=&#8221;4.17.0&#8243; use_background_color_gradient=&#8221;on&#8221; background_color_gradient_type=&#8221;circular&#8221; background_color_gradient_direction_radial=&#8221;top left&#8221; background_color_gradient_stops=&#8221;rgba(255,255,255,0.89) 15%|rgba(255,255,255,0) 60%&#8221; background_color_gradient_overlays_image=&#8221;on&#8221; background_color_gradient_start=&#8221;rgba(255,255,255,0.89)&#8221; background_color_gradient_start_position=&#8221;15%&#8221; background_color_gradient_end=&#8221;rgba(255,255,255,0)&#8221; background_color_gradient_end_position=&#8221;60%&#8221; background_image=&#8221;http:\/\/praiadoforteapart.com\/wp-content\/uploads\/2022\/03\/PraiaDuFort.jpg&#8221; custom_margin=&#8221;0px||||false|false&#8221; custom_padding=&#8221;0px|0px|0|0px|false|false&#8221; bottom_divider_color=&#8221;rgba(152,234,229,0.7)&#8221; bottom_divider_height=&#8221;58px&#8221; locked=&#8221;off&#8221; global_colors_info=&#8221;{}&#8221;][et_pb_row _builder_version=&#8221;4.16&#8243; custom_margin=&#8221;0px||||false|false&#8221; custom_padding=&#8221;0px||||false|false&#8221; global_colors_info=&#8221;{}&#8221;][et_pb_column type=&#8221;4_4&#8243; _builder_version=&#8221;4.16&#8243; custom_padding=&#8221;|||&#8221; global_colors_info=&#8221;{}&#8221; custom_padding__hover=&#8221;|||&#8221;][et_pb_divider show_divider=&#8221;off&#8221; _builder_version=&#8221;4.17.3&#8243; _module_preset=&#8221;default&#8221; height=&#8221;101px&#8221; global_colors_info=&#8221;{}&#8221;][\/et_pb_divider][et_pb_text admin_label=&#8221;Sua Casa&#8230;&#8221; _builder_version=&#8221;4.17.3&#8243; text_font=&#8221;||||||||&#8221; header_font=&#8221;Raleway|700|||||||&#8221; header_font_size=&#8221;80px&#8221; header_line_height=&#8221;1.2em&#8221; header_2_font=&#8221;Balthazar||||||||&#8221; header_2_font_size=&#8221;28px&#8221; header_3_text_color=&#8221;rgba(0,0,0,0.67)&#8221; header_3_font_size=&#8221;20px&#8221; header_5_font=&#8221;Raleway|700||on|||||&#8221; header_5_text_color=&#8221;#000000&#8243; header_5_font_size=&#8221;20px&#8221; header_5_letter_spacing=&#8221;0.5em&#8221; header_5_line_height=&#8221;1.8em&#8221; custom_margin=&#8221;0px||||false|false&#8221; custom_padding=&#8221;0px||||false|false&#8221; header_font_size_tablet=&#8221;48px&#8221; header_font_size_phone=&#8221;30px&#8221; header_font_size_last_edited=&#8221;on|phone&#8221; header_5_font_size_tablet=&#8221;14px&#8221; header_5_font_size_phone=&#8221;12px&#8221; header_5_font_size_last_edited=&#8221;on|desktop&#8221; global_colors_info=&#8221;{}&#8221;]<\/p>\n<h4><img loading=\"lazy\" decoding=\"async\" class=\"wp-image-3767 alignnone size-full\" src=\"http:\/\/praiadoforteapart.com\/wp-content\/uploads\/2022\/03\/logo2-1-4.png\" alt=\"\" width=\"240\" height=\"123\" \/><\/h4>\n<h3><strong>&#8220;Sua casa em Praia do Forte&#8221;<\/strong><\/h3>\n<h1>Casa Verde Apart<\/h1>\n<h2><strong><span style=\"color: #008000;\"><em>+Casa Verde Residence<\/em><\/span><\/strong><\/h2>\n<p>&nbsp;<\/p>\n<p>[\/et_pb_text][et_pb_divider show_divider=&#8221;off&#8221; _builder_version=&#8221;4.16&#8243; _module_preset=&#8221;default&#8221; height=&#8221;141px&#8221; global_colors_info=&#8221;{}&#8221;][\/et_pb_divider][\/et_pb_column][\/et_pb_row][\/et_pb_section][et_pb_section fb_built=&#8221;1&#8243; _builder_version=&#8221;4.17.3&#8243; _module_preset=&#8221;default&#8221; custom_margin=&#8221;0px||0px||false|false&#8221; custom_padding=&#8221;0px||0px||false|false&#8221; global_colors_info=&#8221;{}&#8221;][et_pb_row column_structure=&#8221;1_3,1_3,1_3&#8243; _builder_version=&#8221;4.17.3&#8243; _module_preset=&#8221;default&#8221; global_colors_info=&#8221;{}&#8221;][et_pb_column type=&#8221;1_3&#8243; _builder_version=&#8221;4.17.3&#8243; _module_preset=&#8221;default&#8221; global_colors_info=&#8221;{}&#8221;][et_pb_text _builder_version=&#8221;4.17.3&#8243; _module_preset=&#8221;default&#8221; text_font=&#8221;|700|||||||&#8221; text_font_size=&#8221;16px&#8221; global_colors_info=&#8221;{}&#8221;]<\/p>\n<p><strong>+55 71 997026773\u00a0 |\u00a0 <span style=\"color: #808000;\"><a style=\"color: #808000;\" href=\"mailto:reservas@casaverdeapart.com\"><span id=\"et-info-email\">reservascasaverdeapart@gmail.com<\/span><\/a><\/span><\/strong><\/p>\n<p>[\/et_pb_text][\/et_pb_column][et_pb_column type=&#8221;1_3&#8243; _builder_version=&#8221;4.17.3&#8243; _module_preset=&#8221;default&#8221; global_colors_info=&#8221;{}&#8221;][et_pb_social_media_follow _builder_version=&#8221;4.17.3&#8243; _module_preset=&#8221;default&#8221; global_colors_info=&#8221;{}&#8221;][et_pb_social_media_follow_network social_network=&#8221;facebook&#8221; url=&#8221;https:\/\/www.facebook.com\/CasaVerdeApart&#8221; _builder_version=&#8221;4.17.3&#8243; _module_preset=&#8221;default&#8221; background_color=&#8221;#3b5998&#8243; global_colors_info=&#8221;{}&#8221; follow_button=&#8221;off&#8221; url_new_window=&#8221;on&#8221;]facebook[\/et_pb_social_media_follow_network][et_pb_social_media_follow_network social_network=&#8221;twitter&#8221; _builder_version=&#8221;4.17.3&#8243; _module_preset=&#8221;default&#8221; background_color=&#8221;#00aced&#8221; global_colors_info=&#8221;{}&#8221; follow_button=&#8221;off&#8221; url_new_window=&#8221;on&#8221;]twitter[\/et_pb_social_media_follow_network][et_pb_social_media_follow_network social_network=&#8221;instagram&#8221; url=&#8221;https:\/\/www.instagram.com\/casaverdeapart\/&#8221; _builder_version=&#8221;4.17.3&#8243; _module_preset=&#8221;default&#8221; background_color=&#8221;#ea2c59&#8243; global_colors_info=&#8221;{}&#8221; follow_button=&#8221;off&#8221; url_new_window=&#8221;on&#8221;]instagram[\/et_pb_social_media_follow_network][\/et_pb_social_media_follow][\/et_pb_column][et_pb_column type=&#8221;1_3&#8243; _builder_version=&#8221;4.17.3&#8243; _module_preset=&#8221;default&#8221; global_colors_info=&#8221;{}&#8221;][et_pb_button button_url=&#8221;#reservas&#8221; button_text=&#8221;Fa\u00e7a sua RESERVA aqui!&#8221; button_alignment=&#8221;right&#8221; _builder_version=&#8221;4.17.3&#8243; _module_preset=&#8221;default&#8221; custom_button=&#8221;on&#8221; button_text_size=&#8221;23px&#8221; button_text_color=&#8221;#FFFFFF&#8221; button_bg_color=&#8221;#c8b300&#8243; button_border_width=&#8221;0px&#8221; button_border_color=&#8221;RGBA(255,255,255,0)&#8221; button_border_radius=&#8221;0px&#8221; button_letter_spacing=&#8221;0px&#8221; button_font=&#8221;|600|||||||&#8221; button_icon=&#8221;&#x24;||divi||400&#8243; button_icon_color=&#8221;#000000&#8243; button_on_hover=&#8221;off&#8221; custom_margin=&#8221;0px||||false|false&#8221; custom_padding=&#8221;6px||||false|false&#8221; locked=&#8221;off&#8221; global_colors_info=&#8221;{}&#8221;][\/et_pb_button][\/et_pb_column][\/et_pb_row][\/et_pb_section][et_pb_section fb_built=&#8221;1&#8243; admin_label=&#8221;Quem Somos&#8221; module_id=&#8221;somos&#8221; _builder_version=&#8221;4.17.0&#8243; background_enable_color=&#8221;off&#8221; use_background_color_gradient=&#8221;on&#8221; background_color_gradient_stops=&#8221;rgba(242,242,242,0.32) 0%|#efefef 100%&#8221; background_color_gradient_start=&#8221;rgba(242,242,242,0.32)&#8221; background_color_gradient_end=&#8221;#efefef&#8221; custom_margin=&#8221;0px||||false|false&#8221; custom_padding=&#8221;30px||||false|false&#8221; top_divider_color=&#8221;rgba(38,224,187,0.6)&#8221; top_divider_height=&#8221;50px&#8221; global_colors_info=&#8221;{}&#8221;][et_pb_row _builder_version=&#8221;4.17.3&#8243; _module_preset=&#8221;default&#8221; global_colors_info=&#8221;{}&#8221;][et_pb_column type=&#8221;4_4&#8243; _builder_version=&#8221;4.17.3&#8243; _module_preset=&#8221;default&#8221; global_colors_info=&#8221;{}&#8221;][et_pb_text admin_label=&#8221;Um apart no Cora\u00e7\u00e3o da PF&#8221; _builder_version=&#8221;4.17.3&#8243; text_font=&#8221;||||||||&#8221; text_font_size=&#8221;16px&#8221; text_line_height=&#8221;2em&#8221; header_font=&#8221;||||||||&#8221; header_2_font=&#8221;Emilys Candy|700|||||||&#8221; header_2_text_align=&#8221;center&#8221; header_2_font_size=&#8221;40px&#8221; header_2_line_height=&#8221;1.4em&#8221; header_6_font=&#8221;Raleway|700||on|||||&#8221; header_6_font_size=&#8221;16px&#8221; header_6_letter_spacing=&#8221;5px&#8221; header_6_line_height=&#8221;1.8em&#8221; max_width=&#8221;1000px&#8221; module_alignment=&#8221;center&#8221; custom_margin=&#8221;0px||||false|false&#8221; custom_padding=&#8221;0px||||false|false&#8221; header_2_font_size_tablet=&#8221;35px&#8221; header_2_font_size_phone=&#8221;25px&#8221; header_2_font_size_last_edited=&#8221;on|phone&#8221; global_colors_info=&#8221;{}&#8221;]<\/p>\n<h2 style=\"text-align: center;\">Um Apart e uma Casa no Cora\u00e7\u00e3o de Praia do Forte<\/h2>\n<p>[\/et_pb_text][\/et_pb_column][\/et_pb_row][et_pb_row column_structure=&#8221;1_2,1_2&#8243; use_custom_gutter=&#8221;on&#8221; gutter_width=&#8221;1&#8243; make_equal=&#8221;on&#8221; padding_top_bottom_link_1=&#8221;true&#8221; padding_top_bottom_link_2=&#8221;true&#8221; module_class=&#8221; et_pb_row_fullwidth&#8221; _builder_version=&#8221;4.17.3&#8243; background_image=&#8221;http:\/\/praiadoforteapart.com\/wp-content\/uploads\/2022\/06\/casa-29.jpg&#8221; width=&#8221;100%&#8221; width_tablet=&#8221;100%&#8221; width_phone=&#8221;&#8221; width_last_edited=&#8221;on|desktop&#8221; max_width=&#8221;100%&#8221; max_width_tablet=&#8221;100%&#8221; max_width_phone=&#8221;&#8221; max_width_last_edited=&#8221;on|desktop&#8221; custom_margin=&#8221;||||false|false&#8221; custom_padding=&#8221;0px||||false|false&#8221; make_fullwidth=&#8221;on&#8221; locked=&#8221;off&#8221; global_colors_info=&#8221;{}&#8221;][et_pb_column type=&#8221;1_2&#8243; _builder_version=&#8221;4.16&#8243; background_color=&#8221;#ffffff&#8221; background_color_gradient_direction=&#8221;90deg&#8221; background_color_gradient_start=&#8221;rgba(58,80,99,0.85)&#8221; background_color_gradient_end=&#8221;#3a5063&#8243; custom_padding=&#8221;0px|80px||10%|false|false&#8221; custom_padding_tablet=&#8221;|10%||10%||true&#8221; custom_padding_phone=&#8221;&#8221; custom_padding_last_edited=&#8221;on|tablet&#8221; global_colors_info=&#8221;{}&#8221; custom_padding__hover=&#8221;|||&#8221;][et_pb_cta title=&#8221;CASA VERDE APART&#8221; button_url=&#8221;#top&#8221; _builder_version=&#8221;4.16&#8243; header_font=&#8221;Cabin Sketch|700||on|||||&#8221; header_text_color=&#8221;#1f540e&#8221; header_font_size=&#8221;40px&#8221; header_letter_spacing=&#8221;6px&#8221; header_line_height=&#8221;1.5em&#8221; body_font=&#8221;Source Serif Pro||||||||&#8221; body_font_size=&#8221;17px&#8221; body_line_height=&#8221;2em&#8221; use_background_color=&#8221;off&#8221; custom_button=&#8221;on&#8221; button_text_size=&#8221;16px&#8221; button_text_color=&#8221;#ffffff&#8221; button_bg_color=&#8221;rgba(0,0,0,0.6)&#8221; button_border_width=&#8221;10px&#8221; button_border_color=&#8221;rgba(65,65,144,0)&#8221; button_border_radius=&#8221;70px&#8221; button_font=&#8221;Rubik|700|||||||&#8221; button_use_icon=&#8221;off&#8221; text_orientation=&#8221;left&#8221; background_layout=&#8221;light&#8221; max_width=&#8221;600px&#8221; max_width_last_edited=&#8221;off|desktop&#8221; custom_margin=&#8221;|||&#8221; custom_padding=&#8221;|||&#8221; header_font_size_tablet=&#8221;&#8221; header_font_size_phone=&#8221;26px&#8221; header_font_size_last_edited=&#8221;on|phone&#8221; button_text_color_hover=&#8221;#c7ccd4&#8243; button_border_radius_hover=&#8221;70px&#8221; button_bg_color_hover=&#8221;#ffffff&#8221; locked=&#8221;off&#8221; global_colors_info=&#8221;{}&#8221; button_text_size__hover_enabled=&#8221;off&#8221; button_one_text_size__hover_enabled=&#8221;off&#8221; button_two_text_size__hover_enabled=&#8221;off&#8221; button_text_color__hover_enabled=&#8221;on&#8221; button_text_color__hover=&#8221;#c7ccd4&#8243; button_one_text_color__hover_enabled=&#8221;off&#8221; button_two_text_color__hover_enabled=&#8221;off&#8221; button_border_width__hover_enabled=&#8221;off&#8221; button_one_border_width__hover_enabled=&#8221;off&#8221; button_two_border_width__hover_enabled=&#8221;off&#8221; button_border_color__hover_enabled=&#8221;off&#8221; button_one_border_color__hover_enabled=&#8221;off&#8221; button_two_border_color__hover_enabled=&#8221;off&#8221; button_border_radius__hover_enabled=&#8221;on&#8221; button_border_radius__hover=&#8221;70px&#8221; button_one_border_radius__hover_enabled=&#8221;off&#8221; button_two_border_radius__hover_enabled=&#8221;off&#8221; button_letter_spacing__hover_enabled=&#8221;off&#8221; button_one_letter_spacing__hover_enabled=&#8221;off&#8221; button_two_letter_spacing__hover_enabled=&#8221;off&#8221; button_bg_color__hover_enabled=&#8221;on&#8221; button_bg_color__hover=&#8221;#ffffff&#8221; button_one_bg_color__hover_enabled=&#8221;off&#8221; button_two_bg_color__hover_enabled=&#8221;off&#8221;]<strong>O <span style=\"color: #003366;\">Casa Verde Apart<\/span> <\/strong>\u00e9 um Flat de hospedagem na Praia do Forte, Bahia, com 6 apartamentos de aluguel por temporada com cozinha, o que o diferencia de uma Pousada.<br \/>\n[\/et_pb_cta][et_pb_cta title=&#8221;CASA VERDE RESIDENCE&#8221; button_url=&#8221;#top&#8221; _builder_version=&#8221;4.16&#8243; header_font=&#8221;Cabin Sketch|700||on|||||&#8221; header_text_color=&#8221;#1f540e&#8221; header_font_size=&#8221;32px&#8221; header_letter_spacing=&#8221;6px&#8221; header_line_height=&#8221;1.5em&#8221; body_font=&#8221;Source Serif Pro|500|||||||&#8221; body_font_size=&#8221;17px&#8221; body_line_height=&#8221;2em&#8221; use_background_color=&#8221;off&#8221; custom_button=&#8221;on&#8221; button_text_size=&#8221;16px&#8221; button_text_color=&#8221;#ffffff&#8221; button_bg_color=&#8221;rgba(0,0,0,0.6)&#8221; button_border_width=&#8221;10px&#8221; button_border_color=&#8221;rgba(65,65,144,0)&#8221; button_border_radius=&#8221;70px&#8221; button_font=&#8221;Rubik|700|||||||&#8221; button_use_icon=&#8221;off&#8221; text_orientation=&#8221;left&#8221; background_layout=&#8221;light&#8221; max_width=&#8221;600px&#8221; max_width_last_edited=&#8221;off|desktop&#8221; custom_margin=&#8221;|||&#8221; custom_padding=&#8221;|||&#8221; header_font_size_tablet=&#8221;&#8221; header_font_size_phone=&#8221;28px&#8221; header_font_size_last_edited=&#8221;on|phone&#8221; button_text_color_hover=&#8221;#c7ccd4&#8243; button_border_radius_hover=&#8221;70px&#8221; button_bg_color_hover=&#8221;#ffffff&#8221; locked=&#8221;off&#8221; global_colors_info=&#8221;{}&#8221; button_text_size__hover_enabled=&#8221;off&#8221; button_one_text_size__hover_enabled=&#8221;off&#8221; button_two_text_size__hover_enabled=&#8221;off&#8221; button_text_color__hover_enabled=&#8221;on&#8221; button_text_color__hover=&#8221;#c7ccd4&#8243; button_one_text_color__hover_enabled=&#8221;off&#8221; button_two_text_color__hover_enabled=&#8221;off&#8221; button_border_width__hover_enabled=&#8221;off&#8221; button_one_border_width__hover_enabled=&#8221;off&#8221; button_two_border_width__hover_enabled=&#8221;off&#8221; button_border_color__hover_enabled=&#8221;off&#8221; button_one_border_color__hover_enabled=&#8221;off&#8221; button_two_border_color__hover_enabled=&#8221;off&#8221; button_border_radius__hover_enabled=&#8221;on&#8221; button_border_radius__hover=&#8221;70px&#8221; button_one_border_radius__hover_enabled=&#8221;off&#8221; button_two_border_radius__hover_enabled=&#8221;off&#8221; button_letter_spacing__hover_enabled=&#8221;off&#8221; button_one_letter_spacing__hover_enabled=&#8221;off&#8221; button_two_letter_spacing__hover_enabled=&#8221;off&#8221; button_bg_color__hover_enabled=&#8221;on&#8221; button_bg_color__hover=&#8221;#ffffff&#8221; button_one_bg_color__hover_enabled=&#8221;off&#8221; button_two_bg_color__hover_enabled=&#8221;off&#8221;]<strong>O <span style=\"color: #000080;\">Casa Verde Residence <\/span><\/strong>est\u00e1 anexo ao Apart e \u00e9 adequado a quem deseja mais espa\u00e7o, conforto e privacidade. Estamos muito bem localizados em rua tranquila e exclusivamente residencial.<\/p>\n<p><em>**Os apartamentos tipo est\u00fadio ou quarto e sala acomodam at\u00e9 4 pessoas confortavelmente. Nossas camas de casal s\u00e3o grandes e separ\u00e1veis. Nas cozinhas de cada apartamento e da casa, os itens b\u00e1sicos para voc\u00ea preparar suas refei\u00e7\u00f5es (n\u00e3o servimos alimenta\u00e7\u00e3o). Check in 14:00h e Check out 12:00 hs.<\/em><\/p>\n<p><strong>Podemos providenciar traslados privativos sob consulta.<\/strong><br \/>\n[\/et_pb_cta][\/et_pb_column][et_pb_column type=&#8221;1_2&#8243; _builder_version=&#8221;4.17.3&#8243; background_color=&#8221;RGBA(255,255,255,0)&#8221; background_color_gradient_direction=&#8221;90deg&#8221; background_color_gradient_start=&#8221;#ff7355&#8243; background_color_gradient_end=&#8221;rgba(255,115,85,0.6)&#8221; background_image=&#8221;http:\/\/praiadoforteapart.com\/wp-content\/uploads\/2022\/06\/casa-29.jpg&#8221; custom_padding=&#8221;120px|10%|120px|80px&#8221; custom_padding_tablet=&#8221;|10%||10%||true&#8221; custom_padding_phone=&#8221;&#8221; custom_padding_last_edited=&#8221;on|tablet&#8221; global_colors_info=&#8221;{}&#8221; custom_padding__hover=&#8221;|||&#8221;][\/et_pb_column][\/et_pb_row][et_pb_row column_structure=&#8221;1_3,1_3,1_3&#8243; _builder_version=&#8221;4.16&#8243; _module_preset=&#8221;default&#8221; global_colors_info=&#8221;{}&#8221;][et_pb_column type=&#8221;1_3&#8243; _builder_version=&#8221;4.16&#8243; _module_preset=&#8221;default&#8221; global_colors_info=&#8221;{}&#8221;][et_pb_image src=&#8221;http:\/\/praiadoforteapart.com\/wp-content\/uploads\/2022\/04\/vila2.jpg&#8221; title_text=&#8221;vila2&#8243; _builder_version=&#8221;4.16&#8243; _module_preset=&#8221;default&#8221; box_shadow_style=&#8221;preset3&#8243; global_colors_info=&#8221;{}&#8221;][\/et_pb_image][\/et_pb_column][et_pb_column type=&#8221;1_3&#8243; _builder_version=&#8221;4.16&#8243; _module_preset=&#8221;default&#8221; global_colors_info=&#8221;{}&#8221;][et_pb_image src=&#8221;http:\/\/praiadoforteapart.com\/wp-content\/uploads\/2022\/04\/vila3.jpg&#8221; title_text=&#8221;vila3&#8243; _builder_version=&#8221;4.16&#8243; _module_preset=&#8221;default&#8221; box_shadow_style=&#8221;preset3&#8243; global_colors_info=&#8221;{}&#8221;][\/et_pb_image][\/et_pb_column][et_pb_column type=&#8221;1_3&#8243; _builder_version=&#8221;4.16&#8243; _module_preset=&#8221;default&#8221; global_colors_info=&#8221;{}&#8221;][et_pb_image src=&#8221;http:\/\/praiadoforteapart.com\/wp-content\/uploads\/2022\/04\/IMG-FORTE-WA0011.jpg&#8221; title_text=&#8221;IMG-FORTE-WA0011&#8243; _builder_version=&#8221;4.16&#8243; _module_preset=&#8221;default&#8221; box_shadow_style=&#8221;preset3&#8243; global_colors_info=&#8221;{}&#8221;][\/et_pb_image][\/et_pb_column][\/et_pb_row][et_pb_row column_structure=&#8221;1_4,1_4,1_4,1_4&#8243; _builder_version=&#8221;4.16&#8243; _module_preset=&#8221;default&#8221; global_colors_info=&#8221;{}&#8221;][et_pb_column type=&#8221;1_4&#8243; _builder_version=&#8221;4.16&#8243; _module_preset=&#8221;default&#8221; global_colors_info=&#8221;{}&#8221;][et_pb_text admin_label=&#8221;Trip Advisor&#8221; _builder_version=&#8221;4.16&#8243; _module_preset=&#8221;default&#8221; global_colors_info=&#8221;{}&#8221;]<img loading=\"lazy\" decoding=\"async\" class=\"wp-image-3995 size-thumbnail aligncenter\" src=\"http:\/\/praiadoforteapart.com\/wp-content\/uploads\/2022\/03\/triAdfvor-150x150.jpeg\" alt=\"\" width=\"150\" height=\"150\" srcset=\"https:\/\/praiadoforteapart.com\/wp-content\/uploads\/2022\/03\/triAdfvor-150x150.jpeg 150w, https:\/\/praiadoforteapart.com\/wp-content\/uploads\/2022\/03\/triAdfvor.jpeg 225w\" sizes=\"auto, (max-width: 150px) 100vw, 150px\" \/> [\/et_pb_text][\/et_pb_column][et_pb_column type=&#8221;1_4&#8243; _builder_version=&#8221;4.16&#8243; _module_preset=&#8221;default&#8221; global_colors_info=&#8221;{}&#8221;][et_pb_text admin_label=&#8221;Travel Myth&#8221; _builder_version=&#8221;4.16&#8243; _module_preset=&#8221;default&#8221; global_colors_info=&#8221;{}&#8221;]<img loading=\"lazy\" decoding=\"async\" class=\"aligncenter wp-image-2892 size-thumbnail\" src=\"http:\/\/praiadoforteapart.com\/wp-content\/uploads\/2020\/02\/Travelmyth-award-2020-150x150.png\" alt=\"\" width=\"150\" height=\"150\" \/> [\/et_pb_text][\/et_pb_column][et_pb_column type=&#8221;1_4&#8243; _builder_version=&#8221;4.16&#8243; _module_preset=&#8221;default&#8221; global_colors_info=&#8221;{}&#8221;][et_pb_text admin_label=&#8221;Booking 2022&#8243; _builder_version=&#8221;4.16&#8243; _module_preset=&#8221;default&#8221; global_colors_info=&#8221;{}&#8221;]<img loading=\"lazy\" decoding=\"async\" class=\"wp-image-3505 size-thumbnail aligncenter\" src=\"http:\/\/praiadoforteapart.com\/wp-content\/uploads\/2022\/03\/Digital-Award-TRA-2022-150x150.png\" alt=\"\" width=\"150\" height=\"150\" srcset=\"https:\/\/praiadoforteapart.com\/wp-content\/uploads\/2022\/03\/Digital-Award-TRA-2022-150x150.png 150w, https:\/\/praiadoforteapart.com\/wp-content\/uploads\/2022\/03\/Digital-Award-TRA-2022-600x600.png 600w, https:\/\/praiadoforteapart.com\/wp-content\/uploads\/2022\/03\/Digital-Award-TRA-2022-768x768.png 768w, https:\/\/praiadoforteapart.com\/wp-content\/uploads\/2022\/03\/Digital-Award-TRA-2022-1024x1024.png 1024w, https:\/\/praiadoforteapart.com\/wp-content\/uploads\/2022\/03\/Digital-Award-TRA-2022-980x980.png 980w, https:\/\/praiadoforteapart.com\/wp-content\/uploads\/2022\/03\/Digital-Award-TRA-2022-480x480.png 480w, https:\/\/praiadoforteapart.com\/wp-content\/uploads\/2022\/03\/Digital-Award-TRA-2022-300x300.png 300w, https:\/\/praiadoforteapart.com\/wp-content\/uploads\/2022\/03\/Digital-Award-TRA-2022.png 1081w\" sizes=\"auto, (max-width: 150px) 100vw, 150px\" \/> [\/et_pb_text][\/et_pb_column][et_pb_column type=&#8221;1_4&#8243; _builder_version=&#8221;4.16&#8243; _module_preset=&#8221;default&#8221; global_colors_info=&#8221;{}&#8221;][et_pb_text admin_label=&#8221;Booking w&#8221; _builder_version=&#8221;4.16&#8243; text_font=&#8221;||||||||&#8221; text_font_size=&#8221;16px&#8221; text_line_height=&#8221;2em&#8221; header_font=&#8221;||||||||&#8221; header_2_font=&#8221;Raleway|700|||||||&#8221; header_2_font_size=&#8221;50px&#8221; header_2_line_height=&#8221;1.4em&#8221; header_6_font=&#8221;Raleway|700||on|||||&#8221; header_6_font_size=&#8221;16px&#8221; header_6_letter_spacing=&#8221;5px&#8221; header_6_line_height=&#8221;1.8em&#8221; max_width=&#8221;1000px&#8221; module_alignment=&#8221;center&#8221; custom_margin=&#8221;0px||0px||false|false&#8221; custom_padding=&#8221;0px||0px||false|false&#8221; header_2_font_size_tablet=&#8221;35px&#8221; header_2_font_size_phone=&#8221;25px&#8221; header_2_font_size_last_edited=&#8221;on|phone&#8221; global_colors_info=&#8221;{}&#8221;]<\/p>\n<h2 style=\"text-align: center;\"><img loading=\"lazy\" decoding=\"async\" class=\"alignnone wp-image-2720 size-thumbnail\" src=\"http:\/\/praiadoforteapart.com\/wp-content\/uploads\/2019\/01\/winner-150x150.gif\" alt=\"\" width=\"150\" height=\"150\" srcset=\"https:\/\/praiadoforteapart.com\/wp-content\/uploads\/2019\/01\/winner-150x150.gif 150w, https:\/\/praiadoforteapart.com\/wp-content\/uploads\/2019\/01\/winner-300x300.gif 300w\" sizes=\"auto, (max-width: 150px) 100vw, 150px\" \/><\/h2>\n<p>[\/et_pb_text][\/et_pb_column][\/et_pb_row][et_pb_row admin_label=&#8221;T\u00edtulo Se\u00e7\u00e3o Comodidades&#8221; _builder_version=&#8221;4.16&#8243; custom_margin=&#8221;20px||||false|false&#8221; custom_padding=&#8221;||||false|false&#8221; locked=&#8221;off&#8221; global_colors_info=&#8221;{}&#8221;][et_pb_column type=&#8221;4_4&#8243; _builder_version=&#8221;4.16&#8243; custom_padding=&#8221;|||&#8221; global_colors_info=&#8221;{}&#8221; custom_padding__hover=&#8221;|||&#8221;][et_pb_text admin_label=&#8221;Informa\u00e7\u00f5es \/ Comodidades&#8221; _builder_version=&#8221;4.17.0&#8243; header_font=&#8221;Sirin Stencil||||||||&#8221; header_font_size=&#8221;48px&#8221; custom_padding=&#8221;3px||||false|false&#8221; global_colors_info=&#8221;{}&#8221;]<\/p>\n<h1 style=\"text-align: center;\"><strong>Acomoda\u00e7\u00f5es<\/strong><\/h1>\n<hr \/>\n<p>&nbsp;<br \/>\n[\/et_pb_text][et_pb_text _builder_version=&#8221;4.16&#8243; _module_preset=&#8221;default&#8221; header_font=&#8221;Cabin Sketch|700|||||||&#8221; header_font_size=&#8221;42px&#8221; custom_margin=&#8221;||0px||false|false&#8221; custom_padding=&#8221;||0px||false|false&#8221; locked=&#8221;off&#8221; global_colors_info=&#8221;{}&#8221;]<\/p>\n<h1 style=\"text-align: center;\"><span style=\"color: #008000;\">Casa Verde Apart<\/span><\/h1>\n<p>[\/et_pb_text][\/et_pb_column][\/et_pb_row][et_pb_row column_structure=&#8221;1_3,1_3,1_3&#8243; use_custom_gutter=&#8221;on&#8221; gutter_width=&#8221;2&#8243; admin_label=&#8221;Apartamentos 1, 2 e 3&#8243; module_id=&#8221;quartos&#8221; _builder_version=&#8221;4.16&#8243; _module_preset=&#8221;default&#8221; global_colors_info=&#8221;{}&#8221;][et_pb_column type=&#8221;1_3&#8243; _builder_version=&#8221;4.16&#8243; _module_preset=&#8221;default&#8221; global_colors_info=&#8221;{}&#8221;][et_pb_blurb title=&#8221;Apartamento Est\u00fadio 1&#8243; image=&#8221;http:\/\/praiadoforteapart.com\/wp-content\/uploads\/2022\/03\/Quarto1.jpg&#8221; _builder_version=&#8221;4.16&#8243; _module_preset=&#8221;default&#8221; header_font=&#8221;|700|||||||&#8221; body_font=&#8221;Source Serif Pro||||||||&#8221; animation=&#8221;off&#8221; global_colors_info=&#8221;{}&#8221;]<span class=\"et_pb_fullwidth_header_subhead\">Apartamento est\u00fadio t\u00e9rreo \u00a0<\/span><span class=\"et_pb_fullwidth_header_subhead\"><strong><a href=\"http:\/\/praiadoforteapart.com\/index.php\/quarto-1-room-1\">Ver Mais Imagens<\/a><\/strong><\/span><br \/>\n[\/et_pb_blurb][et_pb_button button_url=&#8221;https:\/\/praiadoforteapart.com\/index.php\/quarto-1-room-1\/&#8221; button_text=&#8221;Ver mais imagens&#8221; _builder_version=&#8221;4.17.3&#8243; _module_preset=&#8221;default&#8221; global_colors_info=&#8221;{}&#8221;][\/et_pb_button][\/et_pb_column][et_pb_column type=&#8221;1_3&#8243; _builder_version=&#8221;4.16&#8243; _module_preset=&#8221;default&#8221; global_colors_info=&#8221;{}&#8221;][et_pb_blurb title=&#8221;Apartamento Est\u00fadio 2&#8243; image=&#8221;http:\/\/praiadoforteapart.com\/wp-content\/uploads\/2022\/03\/Quarto2.jpg&#8221; _builder_version=&#8221;4.16&#8243; _module_preset=&#8221;default&#8221; header_font=&#8221;|700|||||||&#8221; body_font=&#8221;Source Serif Pro||||||||&#8221; animation=&#8221;off&#8221; global_colors_info=&#8221;{}&#8221;]<span class=\"et_pb_fullwidth_header_subhead\">Apartamento est\u00fadio t\u00e9rreo\u00a0 <\/span><strong><a href=\"http:\/\/praiadoforteapart.com\/index.php\/quarto-2-room-2\">Ver mais Imagens<\/a><\/strong><br \/>\n[\/et_pb_blurb][et_pb_button button_url=&#8221;https:\/\/praiadoforteapart.com\/index.php\/quarto-2-room-2\/&#8221; button_text=&#8221;Ver mais imagens&#8221; _builder_version=&#8221;4.17.3&#8243; _module_preset=&#8221;default&#8221; global_colors_info=&#8221;{}&#8221;][\/et_pb_button][\/et_pb_column][et_pb_column type=&#8221;1_3&#8243; _builder_version=&#8221;4.16&#8243; _module_preset=&#8221;default&#8221; global_colors_info=&#8221;{}&#8221;][et_pb_blurb title=&#8221;Apartamento Est\u00fadio 3&#8243; image=&#8221;http:\/\/praiadoforteapart.com\/wp-content\/uploads\/2022\/03\/Quarto3.jpg&#8221; _builder_version=&#8221;4.16&#8243; _module_preset=&#8221;default&#8221; header_font=&#8221;|700|||||||&#8221; body_font=&#8221;Source Serif Pro||||||||&#8221; animation=&#8221;off&#8221; global_colors_info=&#8221;{}&#8221;]<span class=\"et_pb_fullwidth_header_subhead\">Apartamento est\u00fadio no primeiro andar \u00a0<strong><span class=\"et_pb_fullwidth_header_subhead\" data-mce-fragment=\"1\"><a href=\"http:\/\/praiadoforteapart.com\/index.php\/quarto-3-room-3\" data-mce-fragment=\"1\">Ver Mais Imagens<\/a><\/span><\/strong>\u200b<\/span><br \/>\n[\/et_pb_blurb][et_pb_button button_url=&#8221;https:\/\/praiadoforteapart.com\/index.php\/quarto-3-room-3\/&#8221; button_text=&#8221;Ver mais imagens&#8221; _builder_version=&#8221;4.17.3&#8243; _module_preset=&#8221;default&#8221; global_colors_info=&#8221;{}&#8221;][\/et_pb_button][\/et_pb_column][\/et_pb_row][et_pb_row column_structure=&#8221;1_3,1_3,1_3&#8243; use_custom_gutter=&#8221;on&#8221; gutter_width=&#8221;2&#8243; admin_label=&#8221;Apartamentos 4, 5 e 6&#8243; module_id=&#8221;quartos&#8221; _builder_version=&#8221;4.16&#8243; _module_preset=&#8221;default&#8221; global_colors_info=&#8221;{}&#8221;][et_pb_column type=&#8221;1_3&#8243; _builder_version=&#8221;4.16&#8243; _module_preset=&#8221;default&#8221; global_colors_info=&#8221;{}&#8221;][et_pb_blurb title=&#8221;Apartamento Est\u00fadio 4&#8243; image=&#8221;http:\/\/praiadoforteapart.com\/wp-content\/uploads\/2022\/03\/Quarto4.jpg&#8221; _builder_version=&#8221;4.16&#8243; _module_preset=&#8221;default&#8221; header_font=&#8221;|700|||||||&#8221; body_font=&#8221;Source Serif Pro||||||||&#8221; animation=&#8221;off&#8221; global_colors_info=&#8221;{}&#8221;]<span class=\"et_pb_fullwidth_header_subhead\">Apartamento est\u00fadio no primeiro andar \u00a0<strong><a href=\"http:\/\/praiadoforteapart.com\/index.php\/quarto-4-room-4\">Ver mais imagens<\/a><\/strong><\/span><br \/>\n[\/et_pb_blurb][et_pb_button button_url=&#8221;https:\/\/praiadoforteapart.com\/index.php\/quarto-4-room-4\/&#8221; button_text=&#8221;Ver mais imagens&#8221; _builder_version=&#8221;4.17.3&#8243; _module_preset=&#8221;default&#8221; global_colors_info=&#8221;{}&#8221;][\/et_pb_button][\/et_pb_column][et_pb_column type=&#8221;1_3&#8243; _builder_version=&#8221;4.16&#8243; _module_preset=&#8221;default&#8221; global_colors_info=&#8221;{}&#8221;][et_pb_blurb title=&#8221;Apartamento Fam\u00edlia 5&#8243; image=&#8221;http:\/\/praiadoforteapart.com\/wp-content\/uploads\/2022\/03\/Familia5.jpg&#8221; _builder_version=&#8221;4.16&#8243; _module_preset=&#8221;default&#8221; header_font=&#8221;|700|||||||&#8221; body_font=&#8221;Source Serif Pro||||||||&#8221; animation=&#8221;off&#8221; global_colors_info=&#8221;{}&#8221;]<span class=\"et_pb_fullwidth_header_subhead\">Apartamento quarto e sala no primeiro andar \u00a0<strong><a href=\"http:\/\/praiadoforteapart.com\/index.php\/quarto-5-room-5\">Ver mais imagens<\/a><\/strong><\/span><br \/>\n[\/et_pb_blurb][et_pb_button button_url=&#8221;https:\/\/praiadoforteapart.com\/index.php\/quarto-5-room-5\/&#8221; button_text=&#8221;Ver mais imagens&#8221; _builder_version=&#8221;4.17.3&#8243; _module_preset=&#8221;default&#8221; global_colors_info=&#8221;{}&#8221;][\/et_pb_button][\/et_pb_column][et_pb_column type=&#8221;1_3&#8243; _builder_version=&#8221;4.16&#8243; _module_preset=&#8221;default&#8221; global_colors_info=&#8221;{}&#8221;][et_pb_blurb title=&#8221;Apartamento Fam\u00edlia 6&#8243; image=&#8221;http:\/\/praiadoforteapart.com\/wp-content\/uploads\/2022\/03\/Familia6.jpg&#8221; _builder_version=&#8221;4.16&#8243; _module_preset=&#8221;default&#8221; header_font=&#8221;|700|||||||&#8221; body_font=&#8221;Source Serif Pro||||||||&#8221; animation=&#8221;off&#8221; global_colors_info=&#8221;{}&#8221;]<span class=\"et_pb_fullwidth_header_subhead\">Apartamento quarto e sala no segundo andar\u00a0 <strong><a href=\"http:\/\/praiadoforteapart.com\/index.php\/quarto-6-room-6\">Ver mais imagens<\/a><\/strong><\/span><br \/>\n[\/et_pb_blurb][et_pb_button button_url=&#8221;https:\/\/praiadoforteapart.com\/index.php\/quarto-6-room-6\/&#8221; button_text=&#8221;Ver mais imagens&#8221; _builder_version=&#8221;4.17.3&#8243; _module_preset=&#8221;default&#8221; global_colors_info=&#8221;{}&#8221;][\/et_pb_button][\/et_pb_column][\/et_pb_row][et_pb_row _builder_version=&#8221;4.16&#8243; _module_preset=&#8221;default&#8221; global_colors_info=&#8221;{}&#8221;][et_pb_column type=&#8221;4_4&#8243; _builder_version=&#8221;4.16&#8243; _module_preset=&#8221;default&#8221; global_colors_info=&#8221;{}&#8221;][et_pb_text _builder_version=&#8221;4.16&#8243; _module_preset=&#8221;default&#8221; header_font=&#8221;Cabin Sketch|700|on||||||&#8221; header_font_size=&#8221;42px&#8221; custom_margin=&#8221;||0px||false|false&#8221; custom_padding=&#8221;||0px||false|false&#8221; locked=&#8221;off&#8221; global_colors_info=&#8221;{}&#8221;]<\/p>\n<h1 style=\"text-align: center;\"><span style=\"color: #008000;\">+Casa Verde Residence<\/span><\/h1>\n<p>[\/et_pb_text][\/et_pb_column][\/et_pb_row][et_pb_row column_structure=&#8221;1_2,1_2&#8243; use_custom_gutter=&#8221;on&#8221; make_equal=&#8221;on&#8221; padding_top_bottom_link_2=&#8221;true&#8221; _builder_version=&#8221;4.16&#8243; width=&#8221;100%&#8221; max_width=&#8221;100%&#8221; custom_margin=&#8221;||||true|false&#8221; custom_padding=&#8221;|||&#8221; use_custom_width=&#8221;on&#8221; width_unit=&#8221;off&#8221; custom_width_percent=&#8221;100%&#8221; locked=&#8221;off&#8221; global_colors_info=&#8221;{}&#8221;][et_pb_column type=&#8221;1_2&#8243; _builder_version=&#8221;4.16&#8243; custom_padding=&#8221;|||&#8221; global_colors_info=&#8221;{}&#8221; custom_padding__hover=&#8221;|||&#8221;][et_pb_image src=&#8221;http:\/\/praiadoforteapart.com\/wp-content\/uploads\/2022\/03\/CVR8.jpg&#8221; title_text=&#8221;CVR8&#8243; force_fullwidth=&#8221;on&#8221; align_tablet=&#8221;center&#8221; align_phone=&#8221;&#8221; align_last_edited=&#8221;on|desktop&#8221; _builder_version=&#8221;4.16&#8243; custom_margin=&#8221;|||&#8221; custom_margin_tablet=&#8221;||0px|&#8221; custom_margin_last_edited=&#8221;off|desktop&#8221; animation_direction=&#8221;left&#8221; global_colors_info=&#8221;{}&#8221;][\/et_pb_image][et_pb_image src=&#8221;http:\/\/praiadoforteapart.com\/wp-content\/uploads\/2022\/03\/CVR3.jpg&#8221; title_text=&#8221;CVR3&#8243; force_fullwidth=&#8221;on&#8221; align_tablet=&#8221;center&#8221; align_phone=&#8221;&#8221; align_last_edited=&#8221;on|desktop&#8221; _builder_version=&#8221;4.16&#8243; custom_margin=&#8221;|||&#8221; custom_margin_tablet=&#8221;||0px|&#8221; custom_margin_last_edited=&#8221;off|desktop&#8221; animation_direction=&#8221;left&#8221; global_colors_info=&#8221;{}&#8221;][\/et_pb_image][\/et_pb_column][et_pb_column type=&#8221;1_2&#8243; _builder_version=&#8221;4.16&#8243; custom_padding=&#8221;50px|10%|50px|&#8221; custom_padding_tablet=&#8221;0px|10%|0px|10%|true|true&#8221; custom_padding_phone=&#8221;&#8221; custom_padding_last_edited=&#8221;on|tablet&#8221; global_colors_info=&#8221;{}&#8221; padding_tablet=&#8221;0px|10%|0px|10%|true|true&#8221; padding_last_edited=&#8221;on|tablet&#8221; custom_padding__hover=&#8221;|||&#8221; padding_phone=&#8221;0px|10%|0px|10%|true|true&#8221;][et_pb_text _builder_version=&#8221;4.17.0&#8243; text_font=&#8221;Source Serif Pro||||||||&#8221; text_font_size=&#8221;24px&#8221; text_line_height=&#8221;1.5em&#8221; ul_font=&#8221;||||||||&#8221; ul_line_height=&#8221;2em&#8221; header_font=&#8221;||||||||&#8221; header_3_font=&#8221;Raleway|700|||||||&#8221; header_3_font_size=&#8221;40px&#8221; header_3_line_height=&#8221;1.4em&#8221; header_3_font_size_tablet=&#8221;35px&#8221; header_3_font_size_phone=&#8221;25px&#8221; header_3_font_size_last_edited=&#8221;on|phone&#8221; global_colors_info=&#8221;{}&#8221;]<em>Localizada na rua residencial mais charmosa da Vila e a duas quadras do centrinho e a apenas 400 metros das praias, envolvida por um belo jardim e <strong>anexa<\/strong> ao Casa Verde Apart, esta ampla e bem ventilada casa com duas su\u00edtes e tr\u00eas varandas, cozinha e sala integrada, conta tamb\u00e9m com uma pequena piscina com cascata e espa\u00e7o para churrasqueira (n\u00e3o \u00e9 permitido som alto que incomode os vizinhos). Todos os utens\u00edlios e enxoval s\u00e3o fornecidos, al\u00e9m da limpeza di\u00e1ria inclu\u00edda.<\/em><\/p>\n<div dir=\"auto\"><em>A su\u00edte master tem cama king e varanda panor\u00e2mica.<\/em><\/div>\n<div dir=\"auto\"><em>Internet Wi-fi em toda a casa, ar condicionado e TV a cabo nas duas su\u00edtes.<\/em><\/div>\n<div dir=\"auto\"><span style=\"color: #0000ff;\"><a style=\"color: #0000ff;\" href=\"http:\/\/praiadoforteapart.com\/index.php\/casa-verde-residencia\">Ver mais imagens<\/a><\/span><\/div>\n<ul>\n<li><strong>Estacionamento pr\u00f3prio em frente a casa <\/strong><\/li>\n<\/ul>\n<p>[\/et_pb_text][\/et_pb_column][\/et_pb_row][et_pb_row admin_label=&#8221;Bot\u00e3o da Galeria 360&#8243; _builder_version=&#8221;4.16&#8243; custom_padding=&#8221;0|0px|0|0px|false|false&#8221; global_colors_info=&#8221;{}&#8221;][et_pb_column type=&#8221;4_4&#8243; _builder_version=&#8221;4.16&#8243; custom_padding=&#8221;|||&#8221; global_colors_info=&#8221;{}&#8221; custom_padding__hover=&#8221;|||&#8221;][et_pb_button button_url=&#8221;https:\/\/photos.app.goo.gl\/BueUvAbWSCerU1uw5&#8243; url_new_window=&#8221;on&#8221; button_text=&#8221;Clique e Visite Nossa Galeria de Fotos em 360 graus!&#8221; button_alignment=&#8221;left&#8221; admin_label=&#8221;link 360- graus&#8221; _builder_version=&#8221;4.17.0&#8243; custom_button=&#8221;on&#8221; button_text_size=&#8221;19px&#8221; button_text_color=&#8221;#FFFFFF&#8221; button_bg_color=&#8221;rgba(200,179,0,0.89)&#8221; button_border_width=&#8221;0px&#8221; button_border_color=&#8221;RGBA(255,255,255,0)&#8221; button_border_radius=&#8221;0px&#8221; button_letter_spacing=&#8221;0px&#8221; button_font=&#8221;|600|||||||&#8221; button_icon=&#8221;&#x24;||divi||400&#8243; button_icon_color=&#8221;#000000&#8243; button_on_hover=&#8221;off&#8221; custom_margin=&#8221;0px||||false|false&#8221; custom_padding=&#8221;0px||||false|false&#8221; button_border_radius_hover=&#8221;0px&#8221; locked=&#8221;off&#8221; global_colors_info=&#8221;{}&#8221; button_text_size__hover_enabled=&#8221;off&#8221; button_one_text_size__hover_enabled=&#8221;off&#8221; button_two_text_size__hover_enabled=&#8221;off&#8221; button_text_color__hover_enabled=&#8221;off&#8221; button_one_text_color__hover_enabled=&#8221;off&#8221; button_two_text_color__hover_enabled=&#8221;off&#8221; button_border_width__hover_enabled=&#8221;off&#8221; button_one_border_width__hover_enabled=&#8221;off&#8221; button_two_border_width__hover_enabled=&#8221;off&#8221; button_border_color__hover_enabled=&#8221;off&#8221; button_one_border_color__hover_enabled=&#8221;off&#8221; button_two_border_color__hover_enabled=&#8221;off&#8221; button_border_radius__hover_enabled=&#8221;on&#8221; button_border_radius__hover=&#8221;0px&#8221; button_one_border_radius__hover_enabled=&#8221;off&#8221; button_two_border_radius__hover_enabled=&#8221;off&#8221; button_letter_spacing__hover_enabled=&#8221;off&#8221; button_one_letter_spacing__hover_enabled=&#8221;off&#8221; button_two_letter_spacing__hover_enabled=&#8221;off&#8221; button_bg_color__hover_enabled=&#8221;off&#8221; button_one_bg_color__hover_enabled=&#8221;off&#8221; button_two_bg_color__hover_enabled=&#8221;off&#8221;][\/et_pb_button][\/et_pb_column][\/et_pb_row][\/et_pb_section][et_pb_section fb_built=&#8221;1&#8243; admin_label=&#8221;Comodidades&#8221; module_id=&#8221;comodidades&#8221; _builder_version=&#8221;4.16&#8243; background_color=&#8221;#ffffff&#8221; max_width=&#8221;90%&#8221; max_width_tablet=&#8221;&#8221; max_width_phone=&#8221;100%&#8221; max_width_last_edited=&#8221;on|phone&#8221; custom_margin=&#8221;0px||||false|false&#8221; border_color_all=&#8221;#ffffff&#8221; border_width_left=&#8221;10vw&#8221; global_colors_info=&#8221;{}&#8221;][et_pb_row admin_label=&#8221;T\u00edtulo Se\u00e7\u00e3o Comodidades&#8221; _builder_version=&#8221;4.16&#8243; custom_margin=&#8221;0px||||false|false&#8221; custom_padding=&#8221;0px||||false|false&#8221; locked=&#8221;off&#8221; global_colors_info=&#8221;{}&#8221;][et_pb_column type=&#8221;4_4&#8243; _builder_version=&#8221;4.16&#8243; custom_padding=&#8221;|||&#8221; global_colors_info=&#8221;{}&#8221; custom_padding__hover=&#8221;|||&#8221;][et_pb_text admin_label=&#8221;Informa\u00e7\u00f5es \/ Comodidades&#8221; _builder_version=&#8221;4.16&#8243; text_font=&#8221;Sirin Stencil||||||||&#8221; text_font_size=&#8221;16px&#8221; text_line_height=&#8221;2em&#8221; header_font=&#8221;||||||||&#8221; header_2_font=&#8221;Raleway|700|||||||&#8221; header_2_font_size=&#8221;50px&#8221; header_2_line_height=&#8221;1.2em&#8221; header_3_font_size=&#8221;28px&#8221; header_6_font=&#8221;Raleway|700||on|||||&#8221; header_6_font_size=&#8221;16px&#8221; header_6_letter_spacing=&#8221;5px&#8221; header_6_line_height=&#8221;1.8em&#8221; max_width_last_edited=&#8221;off|desktop&#8221; module_alignment=&#8221;center&#8221; custom_padding=&#8221;0px||||false|false&#8221; header_2_font_size_tablet=&#8221;35px&#8221; header_2_font_size_phone=&#8221;25px&#8221; header_2_font_size_last_edited=&#8221;on|phone&#8221; global_colors_info=&#8221;{}&#8221;]<\/p>\n<h3 style=\"text-align: center;\"><strong> Algumas Comodidades Oferecidas aos H\u00f3spedes<\/strong><\/h3>\n<p>[\/et_pb_text][\/et_pb_column][\/et_pb_row][et_pb_row column_structure=&#8221;1_3,1_3,1_3&#8243; admin_label=&#8221;Primeira linha de Comodidades&#8221; _builder_version=&#8221;4.16&#8243; global_colors_info=&#8221;{}&#8221;][et_pb_column type=&#8221;1_3&#8243; _builder_version=&#8221;4.16&#8243; custom_padding=&#8221;|||&#8221; global_colors_info=&#8221;{}&#8221; custom_padding__hover=&#8221;|||&#8221;][et_pb_blurb title=&#8221;WiFi gr\u00e1tis&#8221; use_icon=&#8221;on&#8221; font_icon=&#8221;&#xf1eb;||fa||900&#8243; icon_color=&#8221;rgba(38,224,171,0.6)&#8221; icon_placement=&#8221;left&#8221; _builder_version=&#8221;4.16&#8243; header_level=&#8221;h5&#8243; header_font=&#8221;Raleway|700|||||||&#8221; header_font_size=&#8221;20px&#8221; header_line_height=&#8221;1.2em&#8221; body_font=&#8221;||||||||&#8221; body_line_height=&#8221;2em&#8221; global_colors_info=&#8221;{}&#8221;][\/et_pb_blurb][\/et_pb_column][et_pb_column type=&#8221;1_3&#8243; _builder_version=&#8221;4.16&#8243; custom_padding=&#8221;|||&#8221; global_colors_info=&#8221;{}&#8221; custom_padding__hover=&#8221;|||&#8221;][et_pb_blurb title=&#8221;Estacionamento Privativo gr\u00e1tis&#8221; use_icon=&#8221;on&#8221; font_icon=&#8221;&#xf5e4;||fa||900&#8243; icon_color=&#8221;rgba(38,224,171,0.6)&#8221; icon_placement=&#8221;left&#8221; _builder_version=&#8221;4.16&#8243; header_level=&#8221;h5&#8243; header_font=&#8221;Raleway|700|||||||&#8221; header_font_size=&#8221;20px&#8221; header_line_height=&#8221;1.2em&#8221; body_font=&#8221;||||||||&#8221; body_line_height=&#8221;2em&#8221; global_colors_info=&#8221;{}&#8221;][\/et_pb_blurb][\/et_pb_column][et_pb_column type=&#8221;1_3&#8243; _builder_version=&#8221;4.16&#8243; custom_padding=&#8221;|||&#8221; global_colors_info=&#8221;{}&#8221; custom_padding__hover=&#8221;|||&#8221;][et_pb_blurb title=&#8221;Limpeza di\u00e1ria inclu\u00edda&#8221; use_icon=&#8221;on&#8221; font_icon=&#8221;&#xf4de;||fa||900&#8243; icon_color=&#8221;rgba(38,224,171,0.6)&#8221; icon_placement=&#8221;left&#8221; _builder_version=&#8221;4.16&#8243; header_level=&#8221;h5&#8243; header_font=&#8221;Raleway|700|||||||&#8221; header_font_size=&#8221;20px&#8221; header_line_height=&#8221;1.2em&#8221; body_font=&#8221;||||||||&#8221; body_line_height=&#8221;2em&#8221; locked=&#8221;off&#8221; global_colors_info=&#8221;{}&#8221;][\/et_pb_blurb][\/et_pb_column][\/et_pb_row][et_pb_row column_structure=&#8221;1_3,1_3,1_3&#8243; admin_label=&#8221;Segunda linha de comodidades&#8221; _builder_version=&#8221;4.16&#8243; global_colors_info=&#8221;{}&#8221;][et_pb_column type=&#8221;1_3&#8243; _builder_version=&#8221;4.16&#8243; custom_padding=&#8221;|||&#8221; global_colors_info=&#8221;{}&#8221; custom_padding__hover=&#8221;|||&#8221;][et_pb_blurb title=&#8221;Varanda com rede&#8221; use_icon=&#8221;on&#8221; font_icon=&#8221;&#xf79f;||fa||900&#8243; icon_color=&#8221;rgba(38,224,171,0.6)&#8221; icon_placement=&#8221;left&#8221; _builder_version=&#8221;4.16&#8243; header_level=&#8221;h5&#8243; header_font=&#8221;Raleway|700|||||||&#8221; header_font_size=&#8221;20px&#8221; header_line_height=&#8221;1.2em&#8221; body_font=&#8221;||||||||&#8221; body_line_height=&#8221;2em&#8221; global_colors_info=&#8221;{}&#8221;][\/et_pb_blurb][\/et_pb_column][et_pb_column type=&#8221;1_3&#8243; _builder_version=&#8221;4.16&#8243; custom_padding=&#8221;|||&#8221; global_colors_info=&#8221;{}&#8221; custom_padding__hover=&#8221;|||&#8221;][et_pb_blurb title=&#8221;Cozinha completa&#8221; use_icon=&#8221;on&#8221; font_icon=&#8221;&#xe08c;||divi||400&#8243; icon_color=&#8221;rgba(38,224,171,0.6)&#8221; icon_placement=&#8221;left&#8221; _builder_version=&#8221;4.16&#8243; header_level=&#8221;h5&#8243; header_font=&#8221;Raleway|700|||||||&#8221; header_font_size=&#8221;20px&#8221; header_line_height=&#8221;1.2em&#8221; body_font=&#8221;||||||||&#8221; body_line_height=&#8221;2em&#8221; global_colors_info=&#8221;{}&#8221;][\/et_pb_blurb][\/et_pb_column][et_pb_column type=&#8221;1_3&#8243; _builder_version=&#8221;4.16&#8243; custom_padding=&#8221;|||&#8221; global_colors_info=&#8221;{}&#8221; custom_padding__hover=&#8221;|||&#8221;][et_pb_blurb title=&#8221;Jardim exuberante&#8221; use_icon=&#8221;on&#8221; font_icon=&#8221;&#xf5ca;||fa||900&#8243; icon_color=&#8221;rgba(38,224,171,0.6)&#8221; icon_placement=&#8221;left&#8221; _builder_version=&#8221;4.16&#8243; header_level=&#8221;h5&#8243; header_font=&#8221;Raleway|700|||||||&#8221; header_font_size=&#8221;20px&#8221; header_line_height=&#8221;1.2em&#8221; body_font=&#8221;||||||||&#8221; body_line_height=&#8221;2em&#8221; global_colors_info=&#8221;{}&#8221;][\/et_pb_blurb][\/et_pb_column][\/et_pb_row][\/et_pb_section][et_pb_section fb_built=&#8221;1&#8243; admin_label=&#8221;RESERVAS&#8221; module_id=&#8221;reservas&#8221; _builder_version=&#8221;4.17.0&#8243; _module_preset=&#8221;default&#8221; background_color=&#8221;#FFFFFF&#8221; top_divider_style=&#8221;waves2&#8243; top_divider_color=&#8221;rgba(39,229,178,0.49)&#8221; top_divider_height=&#8221;50px&#8221; global_colors_info=&#8221;{}&#8221;][et_pb_row _builder_version=&#8221;4.17.0&#8243; global_colors_info=&#8221;{}&#8221;][et_pb_column type=&#8221;4_4&#8243; _builder_version=&#8221;4.16&#8243; custom_padding=&#8221;|||&#8221; global_colors_info=&#8221;{}&#8221; custom_padding__hover=&#8221;|||&#8221;][et_pb_text admin_label=&#8221;Reserve diretamente conosco pelo site ou&#8221; _builder_version=&#8221;4.17.3&#8243; text_font=&#8221;Source Serif Pro||||||||&#8221; text_font_size=&#8221;16px&#8221; text_line_height=&#8221;2em&#8221; header_font=&#8221;Cabin Sketch||||||||&#8221; header_2_font=&#8221;Cabin Sketch|700|||||||&#8221; header_2_font_size=&#8221;50px&#8221; header_2_line_height=&#8221;1.2em&#8221; header_6_font=&#8221;Raleway|700||on|||||&#8221; header_6_font_size=&#8221;16px&#8221; header_6_letter_spacing=&#8221;5px&#8221; header_6_line_height=&#8221;1.8em&#8221; background_color=&#8221;RGBA(255,255,255,0)&#8221; width=&#8221;84%&#8221; max_width=&#8221;100%&#8221; max_width_last_edited=&#8221;off|desktop&#8221; module_alignment=&#8221;center&#8221; hover_enabled=&#8221;0&#8243; header_2_font_size_tablet=&#8221;35px&#8221; header_2_font_size_phone=&#8221;49px&#8221; header_2_font_size_last_edited=&#8221;on|desktop&#8221; global_colors_info=&#8221;{}&#8221; sticky_enabled=&#8221;0&#8243;]<\/p>\n<h2 style=\"text-align: center;\">Reservas<\/h2>\n<h3 style=\"text-align: center;\"><em>Reserve diretamente aqui com desconto ou envie um email para <a href=\"mailto:reservas@casaverdeapart.com\"><span style=\"color: #333399;\">reservascasaverdeapart@gmail.com<\/span>\u00a0<\/a> Envie mensagem ou telefone para <span style=\"color: #ff6600;\">71 997026773<\/span> Voc\u00ea pode solicitar o apartamento de sua prefer\u00eancia e faremos o poss\u00edvel para atend\u00ea-lo.<\/em><\/h3>\n<p>[\/et_pb_text][et_pb_button button_url=&#8221;https:\/\/beds24.com\/booking.php?propid=16773&#038;referer=BookingLink&#8221; url_new_window=&#8221;on&#8221; button_text=&#8221;Reserve Agora Casa Verde Apart!&#8221; button_alignment=&#8221;right&#8221; _builder_version=&#8221;4.16&#8243; _module_preset=&#8221;default&#8221; custom_button=&#8221;on&#8221; button_text_size=&#8221;23px&#8221; button_text_color=&#8221;#FFFFFF&#8221; button_bg_color=&#8221;#c8b300&#8243; button_border_width=&#8221;0px&#8221; button_border_color=&#8221;RGBA(255,255,255,0)&#8221; button_border_radius=&#8221;0px&#8221; button_letter_spacing=&#8221;0px&#8221; button_font=&#8221;|600|||||||&#8221; button_icon=&#8221;&#x24;||divi||400&#8243; button_icon_color=&#8221;#000000&#8243; button_on_hover=&#8221;off&#8221; custom_margin=&#8221;0px||||false|false&#8221; custom_padding=&#8221;0px||||false|false&#8221; global_colors_info=&#8221;{}&#8221; button_border_radius__hover=&#8221;0px&#8221; button_border_radius__hover_enabled=&#8221;on&#8221;][\/et_pb_button][et_pb_button button_url=&#8221;https:\/\/beds24.com\/booking.php?propid=148174&#038;referer=BookingLink&#8221; url_new_window=&#8221;on&#8221; button_text=&#8221;Reserve agora Casa Verde Residence!&#8221; button_alignment=&#8221;right&#8221; _builder_version=&#8221;4.16&#8243; custom_button=&#8221;on&#8221; button_text_size=&#8221;23px&#8221; button_text_color=&#8221;#FFFFFF&#8221; button_bg_color=&#8221;#c8b300&#8243; button_border_width=&#8221;0px&#8221; button_border_color=&#8221;RGBA(255,255,255,0)&#8221; button_border_radius=&#8221;0px&#8221; button_letter_spacing=&#8221;0px&#8221; button_font=&#8221;|600|||||||&#8221; button_icon=&#8221;&#x24;||divi||400&#8243; button_icon_color=&#8221;#000000&#8243; button_on_hover=&#8221;off&#8221; custom_margin=&#8221;0px||||false|false&#8221; custom_padding=&#8221;0px||||false|false&#8221; button_border_radius_hover=&#8221;0px&#8221; locked=&#8221;off&#8221; global_colors_info=&#8221;{}&#8221; button_text_size__hover_enabled=&#8221;off&#8221; button_one_text_size__hover_enabled=&#8221;off&#8221; button_two_text_size__hover_enabled=&#8221;off&#8221; button_text_color__hover_enabled=&#8221;off&#8221; button_one_text_color__hover_enabled=&#8221;off&#8221; button_two_text_color__hover_enabled=&#8221;off&#8221; button_border_width__hover_enabled=&#8221;off&#8221; button_one_border_width__hover_enabled=&#8221;off&#8221; button_two_border_width__hover_enabled=&#8221;off&#8221; button_border_color__hover_enabled=&#8221;off&#8221; button_one_border_color__hover_enabled=&#8221;off&#8221; button_two_border_color__hover_enabled=&#8221;off&#8221; button_border_radius__hover_enabled=&#8221;on&#8221; button_border_radius__hover=&#8221;0px&#8221; button_one_border_radius__hover_enabled=&#8221;off&#8221; button_two_border_radius__hover_enabled=&#8221;off&#8221; button_letter_spacing__hover_enabled=&#8221;off&#8221; button_one_letter_spacing__hover_enabled=&#8221;off&#8221; button_two_letter_spacing__hover_enabled=&#8221;off&#8221; button_bg_color__hover_enabled=&#8221;off&#8221; button_one_bg_color__hover_enabled=&#8221;off&#8221; button_two_bg_color__hover_enabled=&#8221;off&#8221;][\/et_pb_button][\/et_pb_column][\/et_pb_row][\/et_pb_section][et_pb_section fb_built=&#8221;1&#8243; admin_label=&#8221;oraia do Forte e Galeria&#8221; _builder_version=&#8221;4.17.3&#8243; _module_preset=&#8221;default&#8221; background_color=&#8221;rgba(96,247,247,0.41)&#8221; top_divider_style=&#8221;waves&#8221; top_divider_color=&#8221;rgba(106,233,242,0.49)&#8221; global_colors_info=&#8221;{}&#8221;][et_pb_row _builder_version=&#8221;4.16&#8243; _module_preset=&#8221;default&#8221; global_colors_info=&#8221;{}&#8221;][et_pb_column type=&#8221;4_4&#8243; _builder_version=&#8221;4.16&#8243; _module_preset=&#8221;default&#8221; global_colors_info=&#8221;{}&#8221;][et_pb_text admin_label=&#8221;A Praia do Forte&#8221; _builder_version=&#8221;4.17.3&#8243; text_font=&#8221;Source Serif Pro||||||||&#8221; text_font_size=&#8221;19px&#8221; header_font=&#8221;||||||||&#8221; header_2_font=&#8221;Cabin Sketch|700|||||||&#8221; header_2_font_size=&#8221;50px&#8221; header_2_line_height=&#8221;1.2em&#8221; header_6_font=&#8221;Raleway|700||on|||||&#8221; header_6_font_size=&#8221;16px&#8221; header_6_letter_spacing=&#8221;5px&#8221; header_6_line_height=&#8221;1.2em&#8221; text_orientation=&#8221;center&#8221; max_width=&#8221;953px&#8221; module_alignment=&#8221;center&#8221; header_2_font_size_tablet=&#8221;35px&#8221; header_2_font_size_phone=&#8221;39px&#8221; header_2_font_size_last_edited=&#8221;on|phone&#8221; global_colors_info=&#8221;{}&#8221;]<\/p>\n<h2 style=\"text-align: center;\">A Praia do Forte<\/h2>\n<div class=\"et_pb_text_inner\">\n<div class=\"et-fb-popover-tinymce\" data-shortcode-id=\"7.0.0.0-1646753247522\" data-quickaccess-editable=\"yes\">\n<div class=\"mce-content-body\" style=\"position: relative;\" contenteditable=\"true\">\n<p style=\"text-align: center;\">Mundialmente conhecida como a <strong>Polin\u00e9sia brasileira<\/strong>, Praia do Forte est\u00e1 localizada no litoral do munic\u00edpio de Mata de S\u00e3o Jo\u00e3o e a 55 km ao norte do aeroporto internacional de Salvador. O acesso \u00e9 feito por moderna rodovia duplicada. Em meio a uma extensa \u00e1rea de preserva\u00e7\u00e3o ambiental, com florestas de Mata Atl\u00e2ntica, lagoas, rios e dunas, <strong>Praia do Forte<\/strong> \u00e9 banhada por belas praias de \u00e1guas mornas, com forma\u00e7\u00f5es de recifes de corais e piscinas naturais. \u00c9 a sede nacional do <strong>Projeto TAMAR<\/strong>.<\/p>\n<p style=\"text-align: center;\">\n<\/div>\n<\/div>\n<\/div>\n<p>[\/et_pb_text][et_pb_code _builder_version=&#8221;4.17.3&#8243; _module_preset=&#8221;default&#8221; border_radii=&#8221;on|12px|12px|12px|12px&#8221; border_width_all=&#8221;9px&#8221; border_color_all=&#8221;#FFFFFF&#8221; box_shadow_style=&#8221;preset3&#8243; global_colors_info=&#8221;{}&#8221;]<iframe loading=\"lazy\" width=\"1280\" height=\"700\" src=\"https:\/\/www.youtube.com\/embed\/a9yXde4UXp0\" title=\"YouTube video player\" frameborder=\"0\" allow=\"accelerometer; autoplay; clipboard-write; encrypted-media; gyroscope; picture-in-picture\" allowfullscreen><\/iframe>[\/et_pb_code][\/et_pb_column][\/et_pb_row][\/et_pb_section][et_pb_section fb_built=&#8221;1&#8243; admin_label=&#8221;oraia do Forte e Galeria&#8221; _builder_version=&#8221;4.17.3&#8243; _module_preset=&#8221;default&#8221; background_color=&#8221;rgba(96,247,247,0.41)&#8221; top_divider_style=&#8221;waves2&#8243; top_divider_color=&#8221;rgba(106,233,242,0.49)&#8221; top_divider_height=&#8221;55px&#8221; global_colors_info=&#8221;{}&#8221;][et_pb_row _builder_version=&#8221;4.16&#8243; _module_preset=&#8221;default&#8221; global_colors_info=&#8221;{}&#8221;][et_pb_column type=&#8221;4_4&#8243; _builder_version=&#8221;4.16&#8243; _module_preset=&#8221;default&#8221; global_colors_info=&#8221;{}&#8221;][et_pb_text admin_label=&#8221;Galeria de Imagens da Praia do Forte&#8221; _builder_version=&#8221;4.17.3&#8243; _module_preset=&#8221;default&#8221; header_font=&#8221;Cabin Sketch||||||||&#8221; header_text_color=&#8221;#000000&#8243; header_font_size=&#8221;36px&#8221; border_color_all=&#8221;#FFFFFF&#8221; global_colors_info=&#8221;{}&#8221;]<\/p>\n<h1 style=\"text-align: center;\"><span style=\"color: #003366;\"><strong>Galeria de Imagens da Praia do Forte<\/strong><\/span><\/h1>\n<p>[\/et_pb_text][et_pb_gallery gallery_ids=&#8221;4279,2059,2058,2051,2046,2043,2042,2041,2040,2039,2037,2036,2033,2032,2028,2024,2023,2022,2021,2020,2018,2015,2012,2011,2010,2007,2006,1934,1932,1930,1931,1597,1596,1592,4267,4269,4272,4274,4276,4277,4278,4281,4282,4570,4573&#8243; fullwidth=&#8221;on&#8221; admin_label=&#8221;Galeria de fotos da PF&#8221; module_class=&#8221;.gallery-module-custom lwp-arrow-color&#8221; _builder_version=&#8221;4.16&#8243; _module_preset=&#8221;default&#8221; pagination_font=&#8221;|800|||||||&#8221; pagination_text_color=&#8221;#FFFFFF&#8221; pagination_font_size=&#8221;57px&#8221; pagination_text_shadow_style=&#8221;preset3&#8243; border_radii=&#8221;on|22px|22px|22px|22px&#8221; border_width_all=&#8221;8px&#8221; border_color_all=&#8221;#ffffff&#8221; box_shadow_style=&#8221;preset3&#8243; global_colors_info=&#8221;{}&#8221;][\/et_pb_gallery][\/et_pb_column][\/et_pb_row][\/et_pb_section][et_pb_section fb_built=&#8221;1&#8243; admin_label=&#8221;FAQ&#8217;s&#8221; module_id=&#8221;faq&#8221; _builder_version=&#8221;4.17.3&#8243; background_color=&#8221;rgba(96,247,247,0.41)&#8221; background_color_gradient_start=&#8221;rgba(50,255,200,0.21)&#8221; background_color_gradient_end=&#8221;#ffffff&#8221; top_divider_style=&#8221;waves&#8221; top_divider_color=&#8221;rgba(39,212,232,0.12)&#8221; top_divider_height=&#8221;56px&#8221; locked=&#8221;off&#8221; global_colors_info=&#8221;{}&#8221;][et_pb_row _builder_version=&#8221;4.16&#8243; locked=&#8221;off&#8221; global_colors_info=&#8221;{}&#8221;][et_pb_column type=&#8221;4_4&#8243; _builder_version=&#8221;4.16&#8243; custom_padding=&#8221;|||&#8221; global_colors_info=&#8221;{}&#8221; custom_padding__hover=&#8221;|||&#8221;][et_pb_text admin_label=&#8221;Perguntas Frequentes&#8221; _builder_version=&#8221;4.16&#8243; text_font=&#8221;Source Serif Pro||||||||&#8221; text_font_size=&#8221;16px&#8221; text_line_height=&#8221;1em&#8221; header_font=&#8221;Cabin Sketch||||||||&#8221; header_text_align=&#8221;left&#8221; header_font_size=&#8221;47px&#8221; header_2_font=&#8221;Sirin Stencil|700|||||||&#8221; header_2_font_size=&#8221;50px&#8221; header_2_line_height=&#8221;1.2em&#8221; header_6_font=&#8221;Raleway|700||on|||||&#8221; header_6_font_size=&#8221;16px&#8221; header_6_letter_spacing=&#8221;5px&#8221; header_6_line_height=&#8221;1.8em&#8221; width=&#8221;100%&#8221; max_width=&#8221;100%&#8221; module_alignment=&#8221;center&#8221; header_2_font_size_tablet=&#8221;35px&#8221; header_2_font_size_phone=&#8221;25px&#8221; header_2_font_size_last_edited=&#8221;on|phone&#8221; global_colors_info=&#8221;{}&#8221;]<\/p>\n<h1 style=\"text-align: left;\"><span style=\"color: #003366;\">FAQ&#8217;s<\/span><\/h1>\n<h2 style=\"text-align: left;\"><strong>Perguntas Frequentes dos H\u00f3spedes\u00a0<\/strong><\/h2>\n<p style=\"text-align: left;\"><em>\u2013\u00a0<strong>A Casa Verde fica perto da praia?<\/strong><\/em><\/p>\n<p style=\"text-align: left;\">A uns 400 metros, e o acesso \u00e9 f\u00e1cil e agrad\u00e1vel.<\/p>\n<p style=\"text-align: left;\"><em>\u2013\u00a0<strong>A Casa Verde fica perto da vila?<\/strong><\/em><\/p>\n<p style=\"text-align: left;\">Estamos a duas quadras do centrinho.<\/p>\n<p style=\"text-align: left;\">\u2013\u00a0<em><strong>A Casa Verde tem caf\u00e9 da manh\u00e3? Onde vou comer?<\/strong>\u00a0<\/em><\/p>\n<p style=\"text-align: left;\">Nossos apartamentos t\u00eam cozinha equipada e por isso n\u00e3o temos caf\u00e9 da manh\u00e3. Em um raio de 400 metros est\u00e3o supermercados, restaurantes, delicatessens e lanchonetes.<\/p>\n<p style=\"text-align: left;\"><em>\u2013\u00a0<strong>A Casa Verde tem estacionamento?<\/strong><\/em><\/p>\n<p style=\"text-align: left;\">Sim, uma vaga para cada apartamento em frente \u00e0 casa e gr\u00e1tis.<\/p>\n<p style=\"text-align: left;\">\u2013\u00a0<strong><em>Posso chegar para o check in em qualquer hor\u00e1rio sem avisar?<\/em><\/strong><\/p>\n<p style=\"text-align: left;\">Se voc\u00ea chegar a partir das 09:00 hs e se o seu apartamento estiver pronto, poder\u00e1 entrar imediatamente. Caso contr\u00e1rio poder\u00e1 deixar suas coisas em nossa casa que avisaremos quando o mesmo estiver liberado. Se vier a noite nos avise com anteced\u00eancia. <strong>N\u00e3o temos recep\u00e7\u00e3o 24 h<\/strong><\/p>\n<p style=\"text-align: left;\"><em>\u2013\u00a0<strong>Posso levar meu animal de estima\u00e7\u00e3o?<\/strong><\/em><\/p>\n<p style=\"text-align: left;\">Entre em contato conosco para entrevista.<\/p>\n<p style=\"text-align: left;\"><em>\u2013\u00a0<strong>Preciso levar roupa de cama, panelas, \u00e1gua, etc?<\/strong><\/em><\/p>\n<p style=\"text-align: left;\">N\u00e3o, temos tudo, traga apenas toalha de praia.<\/p>\n<p style=\"text-align: left;\"><em>\u2013<strong> A Casa Verde tem ber\u00e7o?<\/strong><\/em><\/p>\n<p style=\"text-align: left;\">Temos um cercadinho, sob solicita\u00e7\u00e3o antecipada.<\/p>\n<p style=\"text-align: left;\"><em>\u2013\u00a0<strong>Onde lavo minhas roupas?<\/strong><\/em><\/p>\n<p style=\"text-align: left;\">Em um raio de 300 metros existem 2 lavanderias self service.<\/p>\n<p style=\"text-align: left;\"><em>\u2013\u00a0<strong>Preciso alugar um carro para andar pela Praia do Forte?<\/strong><\/em><\/p>\n<p style=\"text-align: left;\">N\u00e3o, aqui se anda a p\u00e9 ou de bicicleta (aluguel), bicitaxi e tuk tuk.<\/p>\n<p style=\"text-align: left;\"><em>\u2013\u00a0<strong>Voc\u00eas aceitam pagamento com cart\u00e3o de cr\u00e9dito ou d\u00e9bito?<\/strong><\/em>\u00a0N\u00e3o, pagamentos apenas em esp\u00e9cie, dep\u00f3sito em conta ou PayPal.<\/p>\n<p style=\"text-align: left;\"><em>\u2013\u00a0<strong>Posso cancelar minha reserva?<\/strong><\/em><\/p>\n<p style=\"text-align: left;\">Sim, desde que esteja no prazo acordado.<\/p>\n<p style=\"text-align: left;\"><em>\u2013\u00a0<strong>Qual a voltagem no apartamento?<\/strong><\/em><\/p>\n<p style=\"text-align: left;\">Temos 110 e 220 V.<\/p>\n<p style=\"text-align: left;\"><em>\u2013\u00a0<strong>Andar pelas ruas \u00e9 perigoso?<\/strong><\/em>\u00a0A Praia do Forte \u00e9 um dos lugares mais seguros, tanto de dia quanto de noite.<\/p>\n<p style=\"text-align: left;\"><em>\u2013\u00a0<strong>Posso fazer um churrasco na varanda ou no jardim do meu apartamento?<\/strong><\/em><\/p>\n<p style=\"text-align: left;\">N\u00e3o permitimos.<\/p>\n<p style=\"text-align: left;\"><em>\u2013\u00a0<strong>Posso convidar uns amigos para meu apartamento?<\/strong><\/em><\/p>\n<p style=\"text-align: left;\">Todos que n\u00e3o sejam h\u00f3spedes devem ser comunicados de sua chegada aos donos.<\/p>\n<p style=\"text-align: left;\"><em>\u2013\u00a0<strong>Posso dar comida aos bichinhos?<\/strong><\/em><\/p>\n<p style=\"text-align: left;\">Aos micos e passarinhos sim, aos gatos infelizmente n\u00e3o, pois eles acabam vindo morar aqui, brigam \u00e0s vezes e fazem suas necessidades fisiol\u00f3gicas no jardim.<\/p>\n<p style=\"text-align: left;\"><em>\u2013<strong>\u00a0Posso ouvir\/fazer m\u00fasica e TV com som alto?<\/strong>\u00a0<strong>Posso ficar conversando at\u00e9 tarde na varanda?<\/strong><\/em><\/p>\n<p style=\"text-align: left;\">N\u00e3o, incomoda a todos.<\/p>\n<p style=\"text-align: left;\"><em>\u2013\u00a0<strong>Posso chegar tarde e tocar a campainha para entrar?<\/strong><\/em><\/p>\n<p style=\"text-align: left;\">N\u00e3o, cada apartamento tem suas chaves, se precisar de chaves extras, solicite.<\/p>\n<p style=\"text-align: left;\"><em>\u2013\u00a0<strong>Posso sair para a praia ou passear e deixar o ar condicionado ligado para esfriar e\/ou as luzes acesas?<\/strong><\/em><\/p>\n<p style=\"text-align: left;\">N\u00e3o, vai gastar energia inutilmente.<\/p>\n<p style=\"text-align: left;\"><em>\u2013\u00a0<strong>Posso ligar o ar e deixar as janelas e portas abertas?<\/strong><\/em><\/p>\n<p style=\"text-align: left;\">N\u00e3o, pois al\u00e9m do gasto excessivo de energia vai estragar o equipamento.<\/p>\n<p style=\"text-align: left;\">\u2013\u00a0<strong><em>Posso sair e deixar as portas da varanda abertas?<\/em><\/strong><\/p>\n<p style=\"text-align: left;\">Recomendamos fechar as mesmas, podem entrar pequenos animais.<\/p>\n<p><em><strong>&#8211; Posso usar a piscina e as depend\u00eancias do Casa Verde Residence?<\/strong><\/em><\/p>\n<p>N\u00e3o, s\u00e3o de uso exclusivo dos h\u00f3spedes da Residence.<\/p>\n<p style=\"text-align: left;\">[\/et_pb_text][\/et_pb_column][\/et_pb_row][\/et_pb_section][et_pb_section fb_built=&#8221;1&#8243; admin_label=&#8221;Aonde Estamos&#8221; module_id=&#8221;aonde&#8221; _builder_version=&#8221;4.17.0&#8243; _module_preset=&#8221;default&#8221; background_color=&#8221;rgba(96,247,247,0.41)&#8221; custom_margin=&#8221;||||false|false&#8221; custom_padding=&#8221;||||false|false&#8221; top_divider_style=&#8221;graph3&#8243; top_divider_color=&#8221;rgba(96,247,247,0.49)&#8221; top_divider_height=&#8221;73px&#8221; global_colors_info=&#8221;{}&#8221;][et_pb_row _builder_version=&#8221;4.17.0&#8243; _module_preset=&#8221;default&#8221; global_colors_info=&#8221;{}&#8221;][et_pb_column type=&#8221;4_4&#8243; _builder_version=&#8221;4.17.0&#8243; _module_preset=&#8221;default&#8221; global_colors_info=&#8221;{}&#8221;][et_pb_text _builder_version=&#8221;4.17.0&#8243; _module_preset=&#8221;default&#8221; text_font=&#8221;Source Serif Pro||||||||&#8221; text_font_size=&#8221;20px&#8221; header_font=&#8221;Emilys Candy|700|||||||&#8221; header_text_color=&#8221;#000000&#8243; header_font_size=&#8221;36px&#8221; width=&#8221;72%&#8221; module_alignment=&#8221;center&#8221; global_colors_info=&#8221;{}&#8221;]<\/p>\n<h1 style=\"text-align: center;\">Onde Estamos<\/h1>\n<p>&nbsp;<\/p>\n<p style=\"text-align: center;\"><strong><span lang=\"pt-br\">COMO CHEGAR DO AEROPORTO DE SALVADOR \u00c0 CASA VERDE:<\/span><\/strong><\/p>\n<h4 style=\"text-align: center;\"><strong><span lang=\"en\"><em>Se vier de carro, saia na primeira \u00e0 direita no bambuzal e dirija por cerca de 55 km at\u00e9 o entroncamento da Praia do Forte (\u00e0 direita), depois siga at\u00e9 a Vila e, ap\u00f3s passar o Shopping Armaz\u00e9m da Vila, entre a direita na Rua da Corvina e depois na segunda rua \u00e0 esquerda (Rua do peixe Espada). O Casa Verde Apart \u00e9 a terceira casa do lado esquerdo.<\/em><\/span><\/strong><\/h4>\n<h4 style=\"text-align: center;\"><strong><span lang=\"en\"><em>Se vier de \u00f4nibus, consulte os hor\u00e1rios entrando em contato conosco<\/em><\/span><\/strong><\/h4>\n<p style=\"text-align: center;\">Se precisar de traslado privativo, consulte nossos pre\u00e7os. Chegadas ap\u00f3s 23 hs dever\u00e3o ser comunicadas com anteced\u00eancia e ser\u00e3o feitas preferencialmente com nosso motorista.<\/p>\n<p style=\"text-align: left;\">[\/et_pb_text][et_pb_code _builder_version=&#8221;4.17.3&#8243; _module_preset=&#8221;default&#8221; border_color_all=&#8221;#ffffff&#8221; locked=&#8221;off&#8221; global_colors_info=&#8221;{}&#8221;][et_pb_code admin_label=&#8221;C\u00f3digo google (n\u00e3o mexer)&#8221; _builder_version=&#8221;4.14.9&#8243; _module_preset=&#8221;default&#8221; global_colors_info=&#8221;{}&#8221;]<iframe loading=\"lazy\" id=\"gmap_canvas\" src=\"https:\/\/maps.google.com\/maps?width=1920&#038;height=400&#038;hl=en&#038;q=Rua%20do%20Peixe%20Espada,%20100%20%20Praia%20do%20Forte+(Casa%20Verde%20Apart)&#038;t=h&#038;z=16&#038;ie=UTF8&#038;iwloc=B&#038;output=embed\" width=\"1920\" height=\"400\" frameborder=\"0\" marginwidth=\"0\" marginheight=\"0\" scrolling=\"no\"><\/iframe> <a href=\"https:\/\/mapswebsite.net\/\">google map embed<\/a> <script type='text\/javascript' [\/et_pb_code][\/et_pb_column][\/et_pb_row][\/et_pb_section]\n<\/p>\n","protected":false},"excerpt":{"rendered":"<p>[et_pb_section fb_built=&#8221;1&#8243; inner_shadow=&#8221;on&#8221; fullwidth=&#8221;on&#8221; _builder_version=&#8221;4.17.3&#8243; _module_preset=&#8221;default&#8221; global_colors_info=&#8221;{}&#8221;][et_pb_fullwidth_menu menu_id=&#8221;14&#8243; fullwidth_menu=&#8221;off&#8221; active_link_color=&#8221;#000000&#8243; dropdown_menu_bg_color=&#8221;#000000&#8243; dropdown_menu_line_color=&#8221;#E09900&#8243; dropdown_menu_text_color=&#8221;#000000&#8243; dropdown_menu_active_link_color=&#8221;#E09900&#8243; mobile_menu_bg_color=&#8221;#FFFFFF&#8221; mobile_menu_text_color=&#8221;#000000&#8243; menu_icon_color=&#8221;#000000&#8243; menu_icon_font_size=&#8221;36px&#8221; disabled_on=&#8221;off|off|off&#8221; _builder_version=&#8221;4.17.3&#8243; _module_preset=&#8221;default&#8221; menu_font=&#8221;|800|||||||&#8221; menu_font_size=&#8221;18px&#8221; menu_line_height=&#8221;0.9em&#8221; background_color=&#8221;rgba(232,232,232,0.31)&#8221; module_alignment=&#8221;center&#8221; global_colors_info=&#8221;{}&#8221;][\/et_pb_fullwidth_menu][\/et_pb_section][et_pb_section fb_built=&#8221;1&#8243; inner_shadow=&#8221;on&#8221; admin_label=&#8221;In\u00edcio&#8221; _builder_version=&#8221;4.17.0&#8243; use_background_color_gradient=&#8221;on&#8221; background_color_gradient_type=&#8221;circular&#8221; background_color_gradient_direction_radial=&#8221;top left&#8221; background_color_gradient_stops=&#8221;rgba(255,255,255,0.89) 15%|rgba(255,255,255,0) 60%&#8221; background_color_gradient_overlays_image=&#8221;on&#8221; background_color_gradient_start=&#8221;rgba(255,255,255,0.89)&#8221; background_color_gradient_start_position=&#8221;15%&#8221; background_color_gradient_end=&#8221;rgba(255,255,255,0)&#8221; background_color_gradient_end_position=&#8221;60%&#8221; background_image=&#8221;http:\/\/praiadoforteapart.com\/wp-content\/uploads\/2022\/03\/PraiaDuFort.jpg&#8221; custom_margin=&#8221;0px||||false|false&#8221; custom_padding=&#8221;0px|0px|0|0px|false|false&#8221; bottom_divider_color=&#8221;rgba(152,234,229,0.7)&#8221; bottom_divider_height=&#8221;58px&#8221; locked=&#8221;off&#8221; global_colors_info=&#8221;{}&#8221;][et_pb_row _builder_version=&#8221;4.16&#8243; custom_margin=&#8221;0px||||false|false&#8221; custom_padding=&#8221;0px||||false|false&#8221; global_colors_info=&#8221;{}&#8221;][et_pb_column type=&#8221;4_4&#8243; [&hellip;]<\/p>\n","protected":false},"author":2,"featured_media":0,"parent":0,"menu_order":0,"comment_status":"closed","ping_status":"open","template":"page-template-blank.php","meta":{"footnotes":""},"class_list":["post-2980","page","type-page","status-publish","hentry"],"_links":{"self":[{"href":"https:\/\/praiadoforteapart.com\/index.php\/wp-json\/wp\/v2\/pages\/2980","targetHints":{"allow":["GET"]}}],"collection":[{"href":"https:\/\/praiadoforteapart.com\/index.php\/wp-json\/wp\/v2\/pages"}],"about":[{"href":"https:\/\/praiadoforteapart.com\/index.php\/wp-json\/wp\/v2\/types\/page"}],"author":[{"embeddable":true,"href":"https:\/\/praiadoforteapart.com\/index.php\/wp-json\/wp\/v2\/users\/2"}],"replies":[{"embeddable":true,"href":"https:\/\/praiadoforteapart.com\/index.php\/wp-json\/wp\/v2\/comments?post=2980"}],"version-history":[{"count":579,"href":"https:\/\/praiadoforteapart.com\/index.php\/wp-json\/wp\/v2\/pages\/2980\/revisions"}],"predecessor-version":[{"id":4890,"href":"https:\/\/praiadoforteapart.com\/index.php\/wp-json\/wp\/v2\/pages\/2980\/revisions\/4890"}],"wp:attachment":[{"href":"https:\/\/praiadoforteapart.com\/index.php\/wp-json\/wp\/v2\/media?parent=2980"}],"curies":[{"name":"wp","href":"https:\/\/api.w.org\/{rel}","templated":true}]}}